{"id":2062,"date":"2023-12-12T10:07:18","date_gmt":"2023-12-12T10:07:18","guid":{"rendered":"https:\/\/boquet.cat\/blog\/"},"modified":"2025-09-17T11:42:56","modified_gmt":"2025-09-17T11:42:56","slug":"blog","status":"publish","type":"page","link":"https:\/\/boquet.cat\/es\/blog\/","title":{"rendered":"Blog"},"content":{"rendered":"\n<style type=\"text\/css\" data-created_by=\"avia_inline_auto\" id=\"style-css-av-2bef0-28e2106015e9e48e4902155d82080d4d\">\n.avia-section.av-2bef0-28e2106015e9e48e4902155d82080d4d .av-parallax .av-parallax-inner{\nbackground-repeat:no-repeat;\nbackground-image:url(https:\/\/boquet.cat\/wp-content\/uploads\/2024\/01\/pexels-donald-tong-139366.jpg);\nbackground-position:50% 100%;\nbackground-attachment:scroll;\n}\n.avia-section.av-2bef0-28e2106015e9e48e4902155d82080d4d .av-section-color-overlay{\nopacity:0.6;\nbackground-color:#000000;\n}\n<\/style>\n<div id='av_section_1'  class='avia-section av-2bef0-28e2106015e9e48e4902155d82080d4d main_color avia-section-default avia-no-border-styling  avia-builder-el-0  el_before_av_submenu  avia-builder-el-first  avia-full-stretch av-parallax-section avia-bg-style-parallax av-section-color-overlay-active av-minimum-height av-minimum-height-25 av-height-25  container_wrap sidebar_right'  data-section-bg-repeat='stretch' data-av_minimum_height_pc='25' data-av_min_height_opt='25'><div class='av-parallax' data-avia-parallax-ratio='0.3' ><div class='av-parallax-inner main_color avia-full-stretch'><\/div><\/div><div class=\"av-section-color-overlay-wrap\"><div class=\"av-section-color-overlay\"><\/div><div class='container av-section-cont-open' ><main  role=\"main\" itemprop=\"mainContentOfPage\"  class='template-page content  av-content-small alpha units'><div class='post-entry post-entry-type-page post-entry-2062'><div class='entry-content-wrapper clearfix'>\n<div  class='flex_column av-1elv0-f093fa3cc8cded39062dddcfc35ef05d av_one_full  avia-builder-el-1  avia-builder-el-no-sibling  first flex_column_div  '     ><style type=\"text\/css\" data-created_by=\"avia_inline_auto\" id=\"style-css-av-lrhqsem9-817b299d036e7785c0ab2845063f1e1b\">\n#top .av-special-heading.av-lrhqsem9-817b299d036e7785c0ab2845063f1e1b{\npadding-bottom:10px;\ncolor:#ffffff;\nfont-size:55px;\n}\nbody .av-special-heading.av-lrhqsem9-817b299d036e7785c0ab2845063f1e1b .av-special-heading-tag .heading-char{\nfont-size:25px;\n}\n#top #wrap_all .av-special-heading.av-lrhqsem9-817b299d036e7785c0ab2845063f1e1b .av-special-heading-tag{\nfont-size:55px;\n}\n.av-special-heading.av-lrhqsem9-817b299d036e7785c0ab2845063f1e1b .special-heading-inner-border{\nborder-color:#ffffff;\n}\n.av-special-heading.av-lrhqsem9-817b299d036e7785c0ab2845063f1e1b .av-subheading{\nfont-size:15px;\n}\n\n@media only screen and (min-width: 480px) and (max-width: 767px){ \n#top #wrap_all .av-special-heading.av-lrhqsem9-817b299d036e7785c0ab2845063f1e1b .av-special-heading-tag{\nfont-size:0.8em;\n}\n}\n\n@media only screen and (max-width: 479px){ \n#top #wrap_all .av-special-heading.av-lrhqsem9-817b299d036e7785c0ab2845063f1e1b .av-special-heading-tag{\nfont-size:0.8em;\n}\n}\n<\/style>\n<div  class='av-special-heading av-lrhqsem9-817b299d036e7785c0ab2845063f1e1b av-special-heading-h1 custom-color-heading blockquote modern-quote modern-centered  avia-builder-el-2  avia-builder-el-no-sibling  av-inherit-size'><h1 class='av-special-heading-tag '  itemprop=\"headline\"  >Blog<\/h1><div class='av_custom_color av-subheading av-subheading_below'><p>Inici &gt; Blog<\/p>\n<\/div><div class=\"special-heading-border\"><div class=\"special-heading-inner-border\"><\/div><\/div><\/div><\/div>\n\n<\/div><\/div><\/main><!-- close content main element --><\/div><\/div><\/div><div class='clear'><\/div><div id='sub_menu1'  class='av-submenu-container av-lsolauy0-90eb3bfd56c547354922ccf6cf43a144 main_color  avia-builder-el-3  el_after_av_section  el_before_av_one_full  av-sticky-submenu submenu-not-first container_wrap sidebar_right' style='z-index:301' ><div class='container av-menu-mobile-disabled av-submenu-pos-center'><ul id=\"menu-blog-menu\" class=\"av-subnav-menu\" role=\"menu\"><li role=\"menuitem\" id=\"menu-item-3530\" class=\"menu-item menu-item-type-taxonomy menu-item-object-category menu-item-top-level menu-item-top-level-1\"><a href=\"https:\/\/boquet.cat\/blog\/category\/solar-ca\/\" itemprop=\"url\" tabindex=\"0\"><span class=\"avia-bullet\"><\/span><span class=\"avia-menu-text\">Solar<\/span><span class=\"avia-menu-fx\"><span class=\"avia-arrow-wrap\"><span class=\"avia-arrow\"><\/span><\/span><\/span><\/a><\/li>\n<li role=\"menuitem\" id=\"menu-item-3531\" class=\"menu-item menu-item-type-taxonomy menu-item-object-category menu-item-top-level menu-item-top-level-2\"><a href=\"https:\/\/boquet.cat\/blog\/category\/projectes\/\" itemprop=\"url\" tabindex=\"0\"><span class=\"avia-bullet\"><\/span><span class=\"avia-menu-text\">Projectes<\/span><span class=\"avia-menu-fx\"><span class=\"avia-arrow-wrap\"><span class=\"avia-arrow\"><\/span><\/span><\/span><\/a><\/li>\n<li role=\"menuitem\" id=\"menu-item-3533\" class=\"menu-item menu-item-type-taxonomy menu-item-object-category menu-item-top-level menu-item-top-level-3\"><a href=\"https:\/\/boquet.cat\/blog\/category\/sostenibilitat-ca\/\" itemprop=\"url\" tabindex=\"0\"><span class=\"avia-bullet\"><\/span><span class=\"avia-menu-text\">Sostenibilitat<\/span><span class=\"avia-menu-fx\"><span class=\"avia-arrow-wrap\"><span class=\"avia-arrow\"><\/span><\/span><\/span><\/a><\/li>\n<li role=\"menuitem\" id=\"menu-item-3534\" class=\"menu-item menu-item-type-taxonomy menu-item-object-category menu-item-top-level menu-item-top-level-4\"><a href=\"https:\/\/boquet.cat\/blog\/category\/uralita-ca\/\" itemprop=\"url\" tabindex=\"0\"><span class=\"avia-bullet\"><\/span><span class=\"avia-menu-text\">Uralita<\/span><span class=\"avia-menu-fx\"><span class=\"avia-arrow-wrap\"><span class=\"avia-arrow\"><\/span><\/span><\/span><\/a><\/li>\n<li role=\"menuitem\" id=\"menu-item-3535\" class=\"menu-item menu-item-type-taxonomy menu-item-object-category menu-item-top-level menu-item-top-level-5\"><a href=\"https:\/\/boquet.cat\/blog\/category\/solucions-tecniques\/\" itemprop=\"url\" tabindex=\"0\"><span class=\"avia-bullet\"><\/span><span class=\"avia-menu-text\">Sol\u00b7lucions t\u00e8cniques<\/span><span class=\"avia-menu-fx\"><span class=\"avia-arrow-wrap\"><span class=\"avia-arrow\"><\/span><\/span><\/span><\/a><\/li>\n<li role=\"menuitem\" id=\"menu-item-3536\" class=\"menu-item menu-item-type-taxonomy menu-item-object-category menu-item-top-level menu-item-top-level-6\"><a href=\"https:\/\/boquet.cat\/blog\/category\/rve-ca\/\" itemprop=\"url\" tabindex=\"0\"><span class=\"avia-bullet\"><\/span><span class=\"avia-menu-text\">RVE<\/span><span class=\"avia-menu-fx\"><span class=\"avia-arrow-wrap\"><span class=\"avia-arrow\"><\/span><\/span><\/span><\/a><\/li>\n<\/ul><\/div><\/div><div class='sticky_placeholder'><\/div><div id='after_submenu_1'  class='main_color av_default_container_wrap container_wrap sidebar_right'  ><div class='container av-section-cont-open' ><div class='template-page content  av-content-small alpha units'><div class='post-entry post-entry-type-page post-entry-2062'><div class='entry-content-wrapper clearfix'>\n<div  class='flex_column av-3s4w-f1f504b7b09ba116c8628c4a1bc26790 av_one_full  avia-builder-el-4  el_after_av_submenu  avia-builder-el-no-sibling  first flex_column_div  '     ><p><div  class='av-alb-blogposts template-blog  '  itemscope=\"itemscope\" itemtype=\"https:\/\/schema.org\/Blog\" ><article class=\"post-entry post-entry-type-standard post-entry-6849 post-loop-1 post-parity-odd post-entry-last single-big  post-6849 post type-post status-publish format-standard hentry category-noticias\"  itemscope=\"itemscope\" itemtype=\"https:\/\/schema.org\/BlogPosting\" ><div class=\"blog-meta\"><\/div><div class='entry-content-wrapper clearfix standard-content'><header class=\"entry-content-header\" aria-label=\"Post: Punt a Punt: alumbrado p\u00fablico inteligente\"><div class=\"av-heading-wrapper\"><h2 class='post-title entry-title '  itemprop=\"headline\" ><a href=\"https:\/\/boquet.cat\/es\/blog\/2026\/08\/26\/punt-a-punt-alumbrado-publico-inteligente\/\" rel=\"bookmark\" title=\"Enlace permanente: Punt a Punt: alumbrado p\u00fablico inteligente\">Punt a Punt: alumbrado p\u00fablico inteligente<span class=\"post-format-icon minor-meta\"><\/span><\/a><\/h2><span class=\"blog-categories minor-meta\"><a href=\"https:\/\/boquet.cat\/es\/blog\/category\/noticias\/\" rel=\"tag\">Noticias<\/a><\/span><\/div><\/header><span class=\"av-vertical-delimiter\"><\/span><div class=\"entry-content\"  itemprop=\"text\" ><p>Publicado el 26 de agosto &nbsp; El alumbrado p\u00fablico es esencial para garantizar la visibilidad, el confort y la seguridad en nuestras calles. Sin embargo, mantener todas las luminarias a la m\u00e1xima intensidad durante toda la noche puede generar un consumo energ\u00e9tico innecesario, especialmente en espacios con poca actividad. Para dar respuesta a este reto, [&hellip;]<\/p>\n<div class=\"read-more-link\"><a href=\"https:\/\/boquet.cat\/es\/blog\/2026\/08\/26\/punt-a-punt-alumbrado-publico-inteligente\/\" class=\"more-link\">Leer m\u00e1s<span class='more-link-arrow avia-svg-icon avia-font-svg_entypo-fontello' data-av_svg_icon='right-open-big' data-av_iconset='svg_entypo-fontello'><svg version=\"1.1\" xmlns=\"http:\/\/www.w3.org\/2000\/svg\" width=\"15\" height=\"32\" viewBox=\"0 0 15 32\" preserveAspectRatio=\"xMidYMid meet\" role=\"graphics-symbol\" aria-hidden=\"true\">\n<path d=\"M0.416 27.84l11.456-11.84-11.456-11.904q-0.832-0.832 0-1.536 0.832-0.832 1.536 0l12.544 12.608q0.768 0.832 0 1.6l-12.544 12.608q-0.704 0.832-1.536 0-0.832-0.704 0-1.536z\"><\/path>\n<\/svg><\/span><\/a><\/div>\n<\/div><span class=\"post-meta-infos\"><time class=\"date-container minor-meta updated\"  itemprop=\"datePublished\" datetime=\"2026-08-26T09:15:58+00:00\" >26 de agosto de 2026<\/time><span class=\"text-sep\">\/<\/span><span class=\"comment-container minor-meta\"><a href=\"https:\/\/boquet.cat\/es\/blog\/2026\/08\/26\/punt-a-punt-alumbrado-publico-inteligente\/#respond\" class=\"comments-link\" >0 Comentarios<\/a><\/span><span class=\"text-sep\">\/<\/span><span class=\"blog-author minor-meta\">por <span class=\"entry-author-link\"  itemprop=\"author\" ><span class=\"author\"><span class=\"fn\"><a href=\"https:\/\/boquet.cat\/es\/blog\/author\/sergi\/\" rel=\"author\">sergi<\/a><\/span><\/span><\/span><\/span><\/span><footer class=\"entry-footer\"><\/footer><div class='post_delimiter'><\/div><\/div><div class=\"post_author_timeline\"><\/div><span class='hidden'>\n\t\t\t\t<span class='av-structured-data'  itemprop=\"image\" itemscope=\"itemscope\" itemtype=\"https:\/\/schema.org\/ImageObject\" >\n\t\t\t\t\t\t<span itemprop='url'>https:\/\/boquet.cat\/wp-content\/uploads\/2024\/03\/logo_nou.png<\/span>\n\t\t\t\t\t\t<span itemprop='height'>0<\/span>\n\t\t\t\t\t\t<span itemprop='width'>0<\/span>\n\t\t\t\t<\/span>\n\t\t\t\t<span class='av-structured-data'  itemprop=\"publisher\" itemtype=\"https:\/\/schema.org\/Organization\" itemscope=\"itemscope\" >\n\t\t\t\t\t\t<span itemprop='name'>sergi<\/span>\n\t\t\t\t\t\t<span itemprop='logo' itemscope itemtype='https:\/\/schema.org\/ImageObject'>\n\t\t\t\t\t\t\t<span itemprop='url'>https:\/\/boquet.cat\/wp-content\/uploads\/2024\/03\/logo_nou.png<\/span>\n\t\t\t\t\t\t<\/span>\n\t\t\t\t<\/span><span class='av-structured-data'  itemprop=\"author\" itemscope=\"itemscope\" itemtype=\"https:\/\/schema.org\/Person\" ><span itemprop='name'>sergi<\/span><\/span><span class='av-structured-data'  itemprop=\"datePublished\" datetime=\"2026-08-26T09:15:58+00:00\" >2026-08-26 09:15:58<\/span><span class='av-structured-data'  itemprop=\"dateModified\" itemtype=\"https:\/\/schema.org\/dateModified\" >2026-08-26 09:15:58<\/span><span class='av-structured-data'  itemprop=\"mainEntityOfPage\" itemtype=\"https:\/\/schema.org\/mainEntityOfPage\" ><span itemprop='name'>Punt a Punt: alumbrado p\u00fablico inteligente<\/span><\/span><\/span><\/article><\/div><br \/>\n\n<style type=\"text\/css\" data-created_by=\"avia_inline_auto\" id=\"style-css-av-lsolffw6-44308c73b9336b751908461bb798527c\">\n#top .hr.hr-invisible.av-lsolffw6-44308c73b9336b751908461bb798527c{\nheight:50px;\n}\n<\/style>\n<div  class='hr av-lsolffw6-44308c73b9336b751908461bb798527c hr-invisible'><span class='hr-inner '><span class=\"hr-inner-style\"><\/span><\/span><\/div><br \/>\n<div  data-slideshow-options=\"{&quot;animation&quot;:&quot;fade&quot;,&quot;autoplay&quot;:false,&quot;loop_autoplay&quot;:&quot;once&quot;,&quot;interval&quot;:5,&quot;loop_manual&quot;:&quot;manual-endless&quot;,&quot;autoplay_stopper&quot;:false,&quot;noNavigation&quot;:false,&quot;show_slide_delay&quot;:90}\" class='avia-content-slider avia-content-grid-active avia-content-slider1 avia-content-slider-even  av-slideshow-ui av-control-default   av-no-slider-navigation av-slideshow-manual av-loop-once av-loop-manual-endless '  itemscope=\"itemscope\" itemtype=\"https:\/\/schema.org\/Blog\" ><div class=\"avia-content-slider-inner\"><div class=\"slide-entry-wrap\"><article class='slide-entry flex_column  post-entry post-entry-6837 slide-entry-overview slide-loop-1 slide-parity-odd  av_one_half first fake-thumbnail posttype-post post-format-standard'  itemscope=\"itemscope\" itemtype=\"https:\/\/schema.org\/BlogPosting\" itemprop=\"blogPost\" ><a href='https:\/\/boquet.cat\/es\/blog\/2026\/08\/11\/cambiar-tejado-de-uralita-la-decision-que-protege-tu-hogar\/' data-rel='slide-1' class='slide-image' title='Cambiar tejado de uralita: la decisi\u00f3n que protege tu hogar'><span class='fallback-post-type-icon avia-svg-icon avia-font-svg_entypo-fontello' data-av_svg_icon='pencil' data-av_iconset='svg_entypo-fontello'><svg version=\"1.1\" xmlns=\"http:\/\/www.w3.org\/2000\/svg\" width=\"25\" height=\"32\" viewBox=\"0 0 25 32\" preserveAspectRatio=\"xMidYMid meet\" role=\"graphics-symbol\" aria-hidden=\"true\">\n<path d=\"M22.976 5.44q1.024 1.024 1.504 2.048t0.48 1.536v0.512l-8.064 8.064-9.28 9.216-7.616 1.664 1.6-7.68 9.28-9.216 8.064-8.064q1.728-0.384 4.032 1.92zM7.168 25.92l0.768-0.768q-0.064-1.408-1.664-3.008-0.704-0.704-1.44-1.12t-1.12-0.416l-0.448-0.064-0.704 0.768-0.576 2.56q0.896 0.512 1.472 1.088 0.768 0.768 1.152 1.536z\"><\/path>\n<\/svg><\/span><span class='slider-fallback-image'><img decoding=\"async\" fetchpriority=\"high\" width=\"845\" height=\"321\" src=\"https:\/\/boquet.cat\/wp-content\/uploads\/2025\/11\/Miniaturas-19-845x321.jpg\" class=\"wp-image-6197 avia-img-lazy-loading-not-6197 attachment-entry_with_sidebar size-entry_with_sidebar wp-post-image\" alt=\"La garriga EP\" \/><\/span><\/a><div class=\"slide-content\"><header class=\"entry-content-header\" aria-label=\"Slide: Cambiar tejado de uralita: la decisi\u00f3n que protege tu hogar\"><h3 class='slide-entry-title entry-title '  itemprop=\"headline\" ><a href='https:\/\/boquet.cat\/es\/blog\/2026\/08\/11\/cambiar-tejado-de-uralita-la-decision-que-protege-tu-hogar\/' title='Cambiar tejado de uralita: la decisi\u00f3n que protege tu hogar'>Cambiar tejado de uralita: la decisi\u00f3n que protege tu hogar<\/a><\/h3><span class=\"blog-categories minor-meta\"><a href=\"https:\/\/boquet.cat\/es\/blog\/category\/noticias\/\" rel=\"tag\">Noticias<\/a> <\/span><span class=\"av-vertical-delimiter\"><\/span><\/header><div class='slide-entry-excerpt entry-content'  itemprop=\"text\" >\r\nPublicat el 11 d'agost de 2026\r\n\r\nCambiar tejado de uralita: la decisi\u00f3n que protege tu hogar\r\nLa uralita fue una soluci\u00f3n econ\u00f3mica hace d\u00e9cadas. Hoy es un riesgo. Descubre por qu\u00e9 cambiarla es urgente y c\u00f3mo hacerlo de forma segura.\r\n\r\n\u00cdndex\u2026<div class=\"read-more-link\"><a href=\"https:\/\/boquet.cat\/es\/blog\/2026\/08\/11\/cambiar-tejado-de-uralita-la-decision-que-protege-tu-hogar\/\" class=\"more-link\">Leer m\u00e1s<span class='more-link-arrow avia-svg-icon avia-font-svg_entypo-fontello' data-av_svg_icon='right-open-big' data-av_iconset='svg_entypo-fontello'><svg version=\"1.1\" xmlns=\"http:\/\/www.w3.org\/2000\/svg\" width=\"15\" height=\"32\" viewBox=\"0 0 15 32\" preserveAspectRatio=\"xMidYMid meet\" role=\"graphics-symbol\" aria-hidden=\"true\">\n<path d=\"M0.416 27.84l11.456-11.84-11.456-11.904q-0.832-0.832 0-1.536 0.832-0.832 1.536 0l12.544 12.608q0.768 0.832 0 1.6l-12.544 12.608q-0.704 0.832-1.536 0-0.832-0.704 0-1.536z\"><\/path>\n<\/svg><\/span><\/a><\/div><\/div><\/div><footer class=\"entry-footer\"><div class=\"slide-meta\"><time class='slide-meta-time updated'  itemprop=\"datePublished\" datetime=\"2026-08-11T10:04:43+00:00\" >11 de agosto de 2026<\/time><div class=\"slide-meta-del\">\/<\/div><div class=\"slide-meta-comments\"><a href='https:\/\/boquet.cat\/es\/blog\/2026\/08\/11\/cambiar-tejado-de-uralita-la-decision-que-protege-tu-hogar\/#respond'>0 Comentarios<\/a><\/div><\/div><\/footer><span class='hidden'>\n\t\t\t\t<span class='av-structured-data'  itemprop=\"image\" itemscope=\"itemscope\" itemtype=\"https:\/\/schema.org\/ImageObject\" >\n\t\t\t\t\t\t<span itemprop='url'>https:\/\/boquet.cat\/wp-content\/uploads\/2024\/03\/logo_nou.png<\/span>\n\t\t\t\t\t\t<span itemprop='height'>0<\/span>\n\t\t\t\t\t\t<span itemprop='width'>0<\/span>\n\t\t\t\t<\/span>\n\t\t\t\t<span class='av-structured-data'  itemprop=\"publisher\" itemtype=\"https:\/\/schema.org\/Organization\" itemscope=\"itemscope\" >\n\t\t\t\t\t\t<span itemprop='name'>sergi<\/span>\n\t\t\t\t\t\t<span itemprop='logo' itemscope itemtype='https:\/\/schema.org\/ImageObject'>\n\t\t\t\t\t\t\t<span itemprop='url'>https:\/\/boquet.cat\/wp-content\/uploads\/2024\/03\/logo_nou.png<\/span>\n\t\t\t\t\t\t<\/span>\n\t\t\t\t<\/span><span class='av-structured-data'  itemprop=\"author\" itemscope=\"itemscope\" itemtype=\"https:\/\/schema.org\/Person\" ><span itemprop='name'>sergi<\/span><\/span><span class='av-structured-data'  itemprop=\"datePublished\" datetime=\"2026-08-26T09:15:58+00:00\" >2026-08-11 10:04:43<\/span><span class='av-structured-data'  itemprop=\"dateModified\" itemtype=\"https:\/\/schema.org\/dateModified\" >2026-08-27 08:37:55<\/span><span class='av-structured-data'  itemprop=\"mainEntityOfPage\" itemtype=\"https:\/\/schema.org\/mainEntityOfPage\" ><span itemprop='name'>Cambiar tejado de uralita: la decisi\u00f3n que protege tu hogar<\/span><\/span><\/span><\/article><article class='slide-entry flex_column  post-entry post-entry-6759 slide-entry-overview slide-loop-2 slide-parity-even  av_one_half  fake-thumbnail posttype-post post-format-standard'  itemscope=\"itemscope\" itemtype=\"https:\/\/schema.org\/BlogPosting\" itemprop=\"blogPost\" ><a href='https:\/\/boquet.cat\/es\/blog\/2026\/07\/22\/baterias-solares-ante-el-calor-extremo-y-el-aire-acondicionado\/' data-rel='slide-1' class='slide-image' title='Bater\u00edas solares ante el calor extremo y el aire acondicionado'><span class='fallback-post-type-icon avia-svg-icon avia-font-svg_entypo-fontello' data-av_svg_icon='pencil' data-av_iconset='svg_entypo-fontello'><svg version=\"1.1\" xmlns=\"http:\/\/www.w3.org\/2000\/svg\" width=\"25\" height=\"32\" viewBox=\"0 0 25 32\" preserveAspectRatio=\"xMidYMid meet\" role=\"graphics-symbol\" aria-hidden=\"true\">\n<path d=\"M22.976 5.44q1.024 1.024 1.504 2.048t0.48 1.536v0.512l-8.064 8.064-9.28 9.216-7.616 1.664 1.6-7.68 9.28-9.216 8.064-8.064q1.728-0.384 4.032 1.92zM7.168 25.92l0.768-0.768q-0.064-1.408-1.664-3.008-0.704-0.704-1.44-1.12t-1.12-0.416l-0.448-0.064-0.704 0.768-0.576 2.56q0.896 0.512 1.472 1.088 0.768 0.768 1.152 1.536z\"><\/path>\n<\/svg><\/span><span class='slider-fallback-image'><img decoding=\"async\" fetchpriority=\"high\" width=\"845\" height=\"321\" src=\"https:\/\/boquet.cat\/wp-content\/uploads\/2025\/11\/Miniaturas-19-845x321.jpg\" class=\"wp-image-6197 avia-img-lazy-loading-not-6197 attachment-entry_with_sidebar size-entry_with_sidebar wp-post-image\" alt=\"La garriga EP\" \/><\/span><\/a><div class=\"slide-content\"><header class=\"entry-content-header\" aria-label=\"Slide: Bater\u00edas solares ante el calor extremo y el aire acondicionado\"><h3 class='slide-entry-title entry-title '  itemprop=\"headline\" ><a href='https:\/\/boquet.cat\/es\/blog\/2026\/07\/22\/baterias-solares-ante-el-calor-extremo-y-el-aire-acondicionado\/' title='Bater\u00edas solares ante el calor extremo y el aire acondicionado'>Bater\u00edas solares ante el calor extremo y el aire acondicionado<\/a><\/h3><span class=\"blog-categories minor-meta\"><a href=\"https:\/\/boquet.cat\/es\/blog\/category\/noticias\/\" rel=\"tag\">Noticias<\/a> <\/span><span class=\"av-vertical-delimiter\"><\/span><\/header><div class='slide-entry-excerpt entry-content'  itemprop=\"text\" >Publicado el 22 de julio\r\n\r\nLas bater\u00edas solares ante el calor extremo y el aire acondicionado pueden mejorar la manera como nos protegemos y marcar la diferencia en nuestra factura de la luz y en el planeta.\r\n\u00cdndice de contenidos\r\n1. Las\u2026<div class=\"read-more-link\"><a href=\"https:\/\/boquet.cat\/es\/blog\/2026\/07\/22\/baterias-solares-ante-el-calor-extremo-y-el-aire-acondicionado\/\" class=\"more-link\">Leer m\u00e1s<span class='more-link-arrow avia-svg-icon avia-font-svg_entypo-fontello' data-av_svg_icon='right-open-big' data-av_iconset='svg_entypo-fontello'><svg version=\"1.1\" xmlns=\"http:\/\/www.w3.org\/2000\/svg\" width=\"15\" height=\"32\" viewBox=\"0 0 15 32\" preserveAspectRatio=\"xMidYMid meet\" role=\"graphics-symbol\" aria-hidden=\"true\">\n<path d=\"M0.416 27.84l11.456-11.84-11.456-11.904q-0.832-0.832 0-1.536 0.832-0.832 1.536 0l12.544 12.608q0.768 0.832 0 1.6l-12.544 12.608q-0.704 0.832-1.536 0-0.832-0.704 0-1.536z\"><\/path>\n<\/svg><\/span><\/a><\/div><\/div><\/div><footer class=\"entry-footer\"><div class=\"slide-meta\"><time class='slide-meta-time updated'  itemprop=\"datePublished\" datetime=\"2026-07-22T07:18:51+00:00\" >22 de julio de 2026<\/time><div class=\"slide-meta-del\">\/<\/div><div class=\"slide-meta-comments\"><a href='https:\/\/boquet.cat\/es\/blog\/2026\/07\/22\/baterias-solares-ante-el-calor-extremo-y-el-aire-acondicionado\/#respond'>0 Comentarios<\/a><\/div><\/div><\/footer><span class='hidden'>\n\t\t\t\t<span class='av-structured-data'  itemprop=\"image\" itemscope=\"itemscope\" itemtype=\"https:\/\/schema.org\/ImageObject\" >\n\t\t\t\t\t\t<span itemprop='url'>https:\/\/boquet.cat\/wp-content\/uploads\/2024\/03\/logo_nou.png<\/span>\n\t\t\t\t\t\t<span itemprop='height'>0<\/span>\n\t\t\t\t\t\t<span itemprop='width'>0<\/span>\n\t\t\t\t<\/span>\n\t\t\t\t<span class='av-structured-data'  itemprop=\"publisher\" itemtype=\"https:\/\/schema.org\/Organization\" itemscope=\"itemscope\" >\n\t\t\t\t\t\t<span itemprop='name'>sergi<\/span>\n\t\t\t\t\t\t<span itemprop='logo' itemscope itemtype='https:\/\/schema.org\/ImageObject'>\n\t\t\t\t\t\t\t<span itemprop='url'>https:\/\/boquet.cat\/wp-content\/uploads\/2024\/03\/logo_nou.png<\/span>\n\t\t\t\t\t\t<\/span>\n\t\t\t\t<\/span><span class='av-structured-data'  itemprop=\"author\" itemscope=\"itemscope\" itemtype=\"https:\/\/schema.org\/Person\" ><span itemprop='name'>sergi<\/span><\/span><span class='av-structured-data'  itemprop=\"datePublished\" datetime=\"2026-08-26T09:15:58+00:00\" >2026-07-22 07:18:51<\/span><span class='av-structured-data'  itemprop=\"dateModified\" itemtype=\"https:\/\/schema.org\/dateModified\" >2026-07-22 07:18:51<\/span><span class='av-structured-data'  itemprop=\"mainEntityOfPage\" itemtype=\"https:\/\/schema.org\/mainEntityOfPage\" ><span itemprop='name'>Bater\u00edas solares ante el calor extremo y el aire acondicionado<\/span><\/span><\/span><\/article><\/div><div class=\"slide-entry-wrap\"><article class='slide-entry flex_column  post-entry post-entry-6719 slide-entry-overview slide-loop-3 slide-parity-odd  av_one_half first fake-thumbnail posttype-post post-format-standard'  itemscope=\"itemscope\" itemtype=\"https:\/\/schema.org\/BlogPosting\" itemprop=\"blogPost\" ><a href='https:\/\/boquet.cat\/es\/blog\/2026\/07\/09\/baterias-solares-en-verano\/' data-rel='slide-1' class='slide-image' title='Bater\u00edas Solares en Verano'><span class='fallback-post-type-icon avia-svg-icon avia-font-svg_entypo-fontello' data-av_svg_icon='pencil' data-av_iconset='svg_entypo-fontello'><svg version=\"1.1\" xmlns=\"http:\/\/www.w3.org\/2000\/svg\" width=\"25\" height=\"32\" viewBox=\"0 0 25 32\" preserveAspectRatio=\"xMidYMid meet\" role=\"graphics-symbol\" aria-hidden=\"true\">\n<path d=\"M22.976 5.44q1.024 1.024 1.504 2.048t0.48 1.536v0.512l-8.064 8.064-9.28 9.216-7.616 1.664 1.6-7.68 9.28-9.216 8.064-8.064q1.728-0.384 4.032 1.92zM7.168 25.92l0.768-0.768q-0.064-1.408-1.664-3.008-0.704-0.704-1.44-1.12t-1.12-0.416l-0.448-0.064-0.704 0.768-0.576 2.56q0.896 0.512 1.472 1.088 0.768 0.768 1.152 1.536z\"><\/path>\n<\/svg><\/span><span class='slider-fallback-image'><img decoding=\"async\" fetchpriority=\"high\" width=\"845\" height=\"321\" src=\"https:\/\/boquet.cat\/wp-content\/uploads\/2025\/11\/Miniaturas-19-845x321.jpg\" class=\"wp-image-6197 avia-img-lazy-loading-not-6197 attachment-entry_with_sidebar size-entry_with_sidebar wp-post-image\" alt=\"La garriga EP\" \/><\/span><\/a><div class=\"slide-content\"><header class=\"entry-content-header\" aria-label=\"Slide: Bater\u00edas Solares en Verano\"><h3 class='slide-entry-title entry-title '  itemprop=\"headline\" ><a href='https:\/\/boquet.cat\/es\/blog\/2026\/07\/09\/baterias-solares-en-verano\/' title='Bater\u00edas Solares en Verano'>Bater\u00edas Solares en Verano<\/a><\/h3><span class=\"blog-categories minor-meta\"><a href=\"https:\/\/boquet.cat\/es\/blog\/category\/noticias\/\" rel=\"tag\">Noticias<\/a> <\/span><span class=\"av-vertical-delimiter\"><\/span><\/header><div class='slide-entry-excerpt entry-content'  itemprop=\"text\" >\ufeffPublicado el 09 de julio\r\n\r\nC\u00f3mo maximizar tu autoconsumo en las mejores horas de sol\r\n\r\nEl verano es la estaci\u00f3n dorada para la energ\u00eda solar. Las largas jornadas del sol ofrecen una oportunidad excepcional para optimizar tu sistema de\u2026<div class=\"read-more-link\"><a href=\"https:\/\/boquet.cat\/es\/blog\/2026\/07\/09\/baterias-solares-en-verano\/\" class=\"more-link\">Leer m\u00e1s<span class='more-link-arrow avia-svg-icon avia-font-svg_entypo-fontello' data-av_svg_icon='right-open-big' data-av_iconset='svg_entypo-fontello'><svg version=\"1.1\" xmlns=\"http:\/\/www.w3.org\/2000\/svg\" width=\"15\" height=\"32\" viewBox=\"0 0 15 32\" preserveAspectRatio=\"xMidYMid meet\" role=\"graphics-symbol\" aria-hidden=\"true\">\n<path d=\"M0.416 27.84l11.456-11.84-11.456-11.904q-0.832-0.832 0-1.536 0.832-0.832 1.536 0l12.544 12.608q0.768 0.832 0 1.6l-12.544 12.608q-0.704 0.832-1.536 0-0.832-0.704 0-1.536z\"><\/path>\n<\/svg><\/span><\/a><\/div><\/div><\/div><footer class=\"entry-footer\"><div class=\"slide-meta\"><time class='slide-meta-time updated'  itemprop=\"datePublished\" datetime=\"2026-07-09T07:23:10+00:00\" >9 de julio de 2026<\/time><div class=\"slide-meta-del\">\/<\/div><div class=\"slide-meta-comments\"><a href='https:\/\/boquet.cat\/es\/blog\/2026\/07\/09\/baterias-solares-en-verano\/#respond'>0 Comentarios<\/a><\/div><\/div><\/footer><span class='hidden'>\n\t\t\t\t<span class='av-structured-data'  itemprop=\"image\" itemscope=\"itemscope\" itemtype=\"https:\/\/schema.org\/ImageObject\" >\n\t\t\t\t\t\t<span itemprop='url'>https:\/\/boquet.cat\/wp-content\/uploads\/2024\/03\/logo_nou.png<\/span>\n\t\t\t\t\t\t<span itemprop='height'>0<\/span>\n\t\t\t\t\t\t<span itemprop='width'>0<\/span>\n\t\t\t\t<\/span>\n\t\t\t\t<span class='av-structured-data'  itemprop=\"publisher\" itemtype=\"https:\/\/schema.org\/Organization\" itemscope=\"itemscope\" >\n\t\t\t\t\t\t<span itemprop='name'>sergi<\/span>\n\t\t\t\t\t\t<span itemprop='logo' itemscope itemtype='https:\/\/schema.org\/ImageObject'>\n\t\t\t\t\t\t\t<span itemprop='url'>https:\/\/boquet.cat\/wp-content\/uploads\/2024\/03\/logo_nou.png<\/span>\n\t\t\t\t\t\t<\/span>\n\t\t\t\t<\/span><span class='av-structured-data'  itemprop=\"author\" itemscope=\"itemscope\" itemtype=\"https:\/\/schema.org\/Person\" ><span itemprop='name'>sergi<\/span><\/span><span class='av-structured-data'  itemprop=\"datePublished\" datetime=\"2026-08-26T09:15:58+00:00\" >2026-07-09 07:23:10<\/span><span class='av-structured-data'  itemprop=\"dateModified\" itemtype=\"https:\/\/schema.org\/dateModified\" >2026-07-09 07:23:10<\/span><span class='av-structured-data'  itemprop=\"mainEntityOfPage\" itemtype=\"https:\/\/schema.org\/mainEntityOfPage\" ><span itemprop='name'>Bater\u00edas Solares en Verano<\/span><\/span><\/span><\/article><article class='slide-entry flex_column  post-entry post-entry-6601 slide-entry-overview slide-loop-4 slide-parity-even  av_one_half  fake-thumbnail posttype-post post-format-standard'  itemscope=\"itemscope\" itemtype=\"https:\/\/schema.org\/BlogPosting\" itemprop=\"blogPost\" ><a href='https:\/\/boquet.cat\/es\/blog\/2026\/06\/22\/tramitacion-de-la-subvencion-uralita-catalunya\/' data-rel='slide-1' class='slide-image' title='Tramitaci\u00f3n de la subvenci\u00f3n Uralita Catalunya'><span class='fallback-post-type-icon avia-svg-icon avia-font-svg_entypo-fontello' data-av_svg_icon='pencil' data-av_iconset='svg_entypo-fontello'><svg version=\"1.1\" xmlns=\"http:\/\/www.w3.org\/2000\/svg\" width=\"25\" height=\"32\" viewBox=\"0 0 25 32\" preserveAspectRatio=\"xMidYMid meet\" role=\"graphics-symbol\" aria-hidden=\"true\">\n<path d=\"M22.976 5.44q1.024 1.024 1.504 2.048t0.48 1.536v0.512l-8.064 8.064-9.28 9.216-7.616 1.664 1.6-7.68 9.28-9.216 8.064-8.064q1.728-0.384 4.032 1.92zM7.168 25.92l0.768-0.768q-0.064-1.408-1.664-3.008-0.704-0.704-1.44-1.12t-1.12-0.416l-0.448-0.064-0.704 0.768-0.576 2.56q0.896 0.512 1.472 1.088 0.768 0.768 1.152 1.536z\"><\/path>\n<\/svg><\/span><span class='slider-fallback-image'><img decoding=\"async\" fetchpriority=\"high\" width=\"845\" height=\"321\" src=\"https:\/\/boquet.cat\/wp-content\/uploads\/2025\/11\/Miniaturas-19-845x321.jpg\" class=\"wp-image-6197 avia-img-lazy-loading-not-6197 attachment-entry_with_sidebar size-entry_with_sidebar wp-post-image\" alt=\"La garriga EP\" \/><\/span><\/a><div class=\"slide-content\"><header class=\"entry-content-header\" aria-label=\"Slide: Tramitaci\u00f3n de la subvenci\u00f3n Uralita Catalunya\"><h3 class='slide-entry-title entry-title '  itemprop=\"headline\" ><a href='https:\/\/boquet.cat\/es\/blog\/2026\/06\/22\/tramitacion-de-la-subvencion-uralita-catalunya\/' title='Tramitaci\u00f3n de la subvenci\u00f3n Uralita Catalunya'>Tramitaci\u00f3n de la subvenci\u00f3n Uralita Catalunya<\/a><\/h3><span class=\"blog-categories minor-meta\"><a href=\"https:\/\/boquet.cat\/es\/blog\/category\/noticias\/\" rel=\"tag\">Noticias<\/a> <\/span><span class=\"av-vertical-delimiter\"><\/span><\/header><div class='slide-entry-excerpt entry-content'  itemprop=\"text\" >Publicado el 22 de junio de 2026\r\nLa tramitaci\u00f3n de la subvenci\u00f3n Uralita en Catalunya permite a propietarios de viviendas, comunidades y empresas cubrir hasta el 100% del coste de retirada del amianto con ayudas p\u00fablicas. En esta gu\u00eda te\u2026<div class=\"read-more-link\"><a href=\"https:\/\/boquet.cat\/es\/blog\/2026\/06\/22\/tramitacion-de-la-subvencion-uralita-catalunya\/\" class=\"more-link\">Leer m\u00e1s<span class='more-link-arrow avia-svg-icon avia-font-svg_entypo-fontello' data-av_svg_icon='right-open-big' data-av_iconset='svg_entypo-fontello'><svg version=\"1.1\" xmlns=\"http:\/\/www.w3.org\/2000\/svg\" width=\"15\" height=\"32\" viewBox=\"0 0 15 32\" preserveAspectRatio=\"xMidYMid meet\" role=\"graphics-symbol\" aria-hidden=\"true\">\n<path d=\"M0.416 27.84l11.456-11.84-11.456-11.904q-0.832-0.832 0-1.536 0.832-0.832 1.536 0l12.544 12.608q0.768 0.832 0 1.6l-12.544 12.608q-0.704 0.832-1.536 0-0.832-0.704 0-1.536z\"><\/path>\n<\/svg><\/span><\/a><\/div><\/div><\/div><footer class=\"entry-footer\"><div class=\"slide-meta\"><time class='slide-meta-time updated'  itemprop=\"datePublished\" datetime=\"2026-06-22T14:35:25+00:00\" >22 de junio de 2026<\/time><div class=\"slide-meta-del\">\/<\/div><div class=\"slide-meta-comments\"><a href='https:\/\/boquet.cat\/es\/blog\/2026\/06\/22\/tramitacion-de-la-subvencion-uralita-catalunya\/#respond'>0 Comentarios<\/a><\/div><\/div><\/footer><span class='hidden'>\n\t\t\t\t<span class='av-structured-data'  itemprop=\"image\" itemscope=\"itemscope\" itemtype=\"https:\/\/schema.org\/ImageObject\" >\n\t\t\t\t\t\t<span itemprop='url'>https:\/\/boquet.cat\/wp-content\/uploads\/2024\/03\/logo_nou.png<\/span>\n\t\t\t\t\t\t<span itemprop='height'>0<\/span>\n\t\t\t\t\t\t<span itemprop='width'>0<\/span>\n\t\t\t\t<\/span>\n\t\t\t\t<span class='av-structured-data'  itemprop=\"publisher\" itemtype=\"https:\/\/schema.org\/Organization\" itemscope=\"itemscope\" >\n\t\t\t\t\t\t<span itemprop='name'>sergi<\/span>\n\t\t\t\t\t\t<span itemprop='logo' itemscope itemtype='https:\/\/schema.org\/ImageObject'>\n\t\t\t\t\t\t\t<span itemprop='url'>https:\/\/boquet.cat\/wp-content\/uploads\/2024\/03\/logo_nou.png<\/span>\n\t\t\t\t\t\t<\/span>\n\t\t\t\t<\/span><span class='av-structured-data'  itemprop=\"author\" itemscope=\"itemscope\" itemtype=\"https:\/\/schema.org\/Person\" ><span itemprop='name'>sergi<\/span><\/span><span class='av-structured-data'  itemprop=\"datePublished\" datetime=\"2026-08-26T09:15:58+00:00\" >2026-06-22 14:35:25<\/span><span class='av-structured-data'  itemprop=\"dateModified\" itemtype=\"https:\/\/schema.org\/dateModified\" >2026-06-22 14:36:59<\/span><span class='av-structured-data'  itemprop=\"mainEntityOfPage\" itemtype=\"https:\/\/schema.org\/mainEntityOfPage\" ><span itemprop='name'>Tramitaci\u00f3n de la subvenci\u00f3n Uralita Catalunya<\/span><\/span><\/span><\/article><\/div><div class=\"slide-entry-wrap\"><article class='slide-entry flex_column  post-entry post-entry-6538 slide-entry-overview slide-loop-5 slide-parity-odd  av_one_half first real-thumbnail posttype-post post-format-standard'  itemscope=\"itemscope\" itemtype=\"https:\/\/schema.org\/BlogPosting\" itemprop=\"blogPost\" ><a href='https:\/\/boquet.cat\/es\/blog\/2026\/06\/09\/subvenciones-uralita-2026-como-conseguir-ayudas-para-retirar-el-amianto-de-tu-tejado\/' data-rel='slide-1' class='slide-image' title='Subvenciones Uralita 2026: C\u00f3mo Conseguir Ayudas para Retirar el Amianto de tu Tejado'><img decoding=\"async\" fetchpriority=\"high\" width=\"845\" height=\"321\" src=\"https:\/\/boquet.cat\/wp-content\/uploads\/2024\/12\/DJI_0666-845x321.jpg\" class=\"wp-image-5598 avia-img-lazy-loading-not-5598 attachment-entry_with_sidebar size-entry_with_sidebar wp-post-image\" alt=\"\" \/><\/a><div class=\"slide-content\"><header class=\"entry-content-header\" aria-label=\"Slide: Subvenciones Uralita 2026: C\u00f3mo Conseguir Ayudas para Retirar el Amianto de tu Tejado\"><h3 class='slide-entry-title entry-title '  itemprop=\"headline\" ><a href='https:\/\/boquet.cat\/es\/blog\/2026\/06\/09\/subvenciones-uralita-2026-como-conseguir-ayudas-para-retirar-el-amianto-de-tu-tejado\/' title='Subvenciones Uralita 2026: C\u00f3mo Conseguir Ayudas para Retirar el Amianto de tu Tejado'>Subvenciones Uralita 2026: C\u00f3mo Conseguir Ayudas para Retirar el Amianto de tu Tejado<\/a><\/h3><span class=\"blog-categories minor-meta\"><a href=\"https:\/\/boquet.cat\/es\/blog\/category\/noticias\/\" rel=\"tag\">Noticias<\/a> <\/span><span class=\"av-vertical-delimiter\"><\/span><\/header><div class='slide-entry-excerpt entry-content'  itemprop=\"text\" >Publicado el 09 de junio de 2026\r\n\r\n\u00a0\u00cdndice de contenidos\r\n\r\n \t\u00bfQu\u00e9 es la uralita y por qu\u00e9 hay que retirarla?\r\n \tSubvenciones uralita 2026 disponibles en Espa\u00f1a\r\n \tTipos de ayudas: estatal, auton\u00f3mica y municipal\r\n \t\u00bfCu\u00e1nto cubre la\u2026<div class=\"read-more-link\"><a href=\"https:\/\/boquet.cat\/es\/blog\/2026\/06\/09\/subvenciones-uralita-2026-como-conseguir-ayudas-para-retirar-el-amianto-de-tu-tejado\/\" class=\"more-link\">Leer m\u00e1s<span class='more-link-arrow avia-svg-icon avia-font-svg_entypo-fontello' data-av_svg_icon='right-open-big' data-av_iconset='svg_entypo-fontello'><svg version=\"1.1\" xmlns=\"http:\/\/www.w3.org\/2000\/svg\" width=\"15\" height=\"32\" viewBox=\"0 0 15 32\" preserveAspectRatio=\"xMidYMid meet\" role=\"graphics-symbol\" aria-hidden=\"true\">\n<path d=\"M0.416 27.84l11.456-11.84-11.456-11.904q-0.832-0.832 0-1.536 0.832-0.832 1.536 0l12.544 12.608q0.768 0.832 0 1.6l-12.544 12.608q-0.704 0.832-1.536 0-0.832-0.704 0-1.536z\"><\/path>\n<\/svg><\/span><\/a><\/div><\/div><\/div><footer class=\"entry-footer\"><div class=\"slide-meta\"><time class='slide-meta-time updated'  itemprop=\"datePublished\" datetime=\"2026-06-09T14:23:43+00:00\" >9 de junio de 2026<\/time><div class=\"slide-meta-del\">\/<\/div><div class=\"slide-meta-comments\"><a href='https:\/\/boquet.cat\/es\/blog\/2026\/06\/09\/subvenciones-uralita-2026-como-conseguir-ayudas-para-retirar-el-amianto-de-tu-tejado\/#respond'>0 Comentarios<\/a><\/div><\/div><\/footer><span class='hidden'>\n\t\t\t\t<span class='av-structured-data'  itemprop=\"image\" itemscope=\"itemscope\" itemtype=\"https:\/\/schema.org\/ImageObject\" >\n\t\t\t\t\t\t<span itemprop='url'>https:\/\/boquet.cat\/wp-content\/uploads\/2024\/12\/DJI_0666-scaled.jpg<\/span>\n\t\t\t\t\t\t<span itemprop='height'>1920<\/span>\n\t\t\t\t\t\t<span itemprop='width'>2560<\/span>\n\t\t\t\t<\/span>\n\t\t\t\t<span class='av-structured-data'  itemprop=\"publisher\" itemtype=\"https:\/\/schema.org\/Organization\" itemscope=\"itemscope\" >\n\t\t\t\t\t\t<span itemprop='name'>sergi<\/span>\n\t\t\t\t\t\t<span itemprop='logo' itemscope itemtype='https:\/\/schema.org\/ImageObject'>\n\t\t\t\t\t\t\t<span itemprop='url'>https:\/\/boquet.cat\/wp-content\/uploads\/2024\/03\/logo_nou.png<\/span>\n\t\t\t\t\t\t<\/span>\n\t\t\t\t<\/span><span class='av-structured-data'  itemprop=\"author\" itemscope=\"itemscope\" itemtype=\"https:\/\/schema.org\/Person\" ><span itemprop='name'>sergi<\/span><\/span><span class='av-structured-data'  itemprop=\"datePublished\" datetime=\"2026-08-26T09:15:58+00:00\" >2026-06-09 14:23:43<\/span><span class='av-structured-data'  itemprop=\"dateModified\" itemtype=\"https:\/\/schema.org\/dateModified\" >2026-06-10 13:27:28<\/span><span class='av-structured-data'  itemprop=\"mainEntityOfPage\" itemtype=\"https:\/\/schema.org\/mainEntityOfPage\" ><span itemprop='name'>Subvenciones Uralita 2026: C\u00f3mo Conseguir Ayudas para Retirar el Amianto de tu Tejado<\/span><\/span><\/span><\/article><article class='slide-entry flex_column  post-entry post-entry-6001 slide-entry-overview slide-loop-6 slide-parity-even  av_one_half  fake-thumbnail posttype-post post-format-standard'  itemscope=\"itemscope\" itemtype=\"https:\/\/schema.org\/BlogPosting\" itemprop=\"blogPost\" ><a href='https:\/\/boquet.cat\/es\/blog\/2026\/04\/22\/kit-placas-solares-energia-limpia-al-alcance-de-todos\/' data-rel='slide-1' class='slide-image' title='Kit placas solares: energ\u00eda limpia al alcance de todos'><span class='fallback-post-type-icon avia-svg-icon avia-font-svg_entypo-fontello' data-av_svg_icon='pencil' data-av_iconset='svg_entypo-fontello'><svg version=\"1.1\" xmlns=\"http:\/\/www.w3.org\/2000\/svg\" width=\"25\" height=\"32\" viewBox=\"0 0 25 32\" preserveAspectRatio=\"xMidYMid meet\" role=\"graphics-symbol\" aria-hidden=\"true\">\n<path d=\"M22.976 5.44q1.024 1.024 1.504 2.048t0.48 1.536v0.512l-8.064 8.064-9.28 9.216-7.616 1.664 1.6-7.68 9.28-9.216 8.064-8.064q1.728-0.384 4.032 1.92zM7.168 25.92l0.768-0.768q-0.064-1.408-1.664-3.008-0.704-0.704-1.44-1.12t-1.12-0.416l-0.448-0.064-0.704 0.768-0.576 2.56q0.896 0.512 1.472 1.088 0.768 0.768 1.152 1.536z\"><\/path>\n<\/svg><\/span><span class='slider-fallback-image'><img decoding=\"async\" fetchpriority=\"high\" width=\"845\" height=\"321\" src=\"https:\/\/boquet.cat\/wp-content\/uploads\/2025\/11\/Miniaturas-19-845x321.jpg\" class=\"wp-image-6197 avia-img-lazy-loading-not-6197 attachment-entry_with_sidebar size-entry_with_sidebar wp-post-image\" alt=\"La garriga EP\" \/><\/span><\/a><div class=\"slide-content\"><header class=\"entry-content-header\" aria-label=\"Slide: Kit placas solares: energ\u00eda limpia al alcance de todos\"><h3 class='slide-entry-title entry-title '  itemprop=\"headline\" ><a href='https:\/\/boquet.cat\/es\/blog\/2026\/04\/22\/kit-placas-solares-energia-limpia-al-alcance-de-todos\/' title='Kit placas solares: energ\u00eda limpia al alcance de todos'>Kit placas solares: energ\u00eda limpia al alcance de todos<\/a><\/h3><span class=\"blog-categories minor-meta\"><a href=\"https:\/\/boquet.cat\/es\/blog\/category\/noticias\/\" rel=\"tag\">Noticias<\/a> <\/span><span class=\"av-vertical-delimiter\"><\/span><\/header><div class='slide-entry-excerpt entry-content'  itemprop=\"text\" >En los \u00faltimos a\u00f1os, cada vez m\u00e1s personas y empresas se plantean producir su propia energ\u00eda para ahorrar en la factura de la luz y reducir su huella ambiental. En este contexto, el kit de placas solares se ha convertido en una soluci\u00f3n\u2026<div class=\"read-more-link\"><a href=\"https:\/\/boquet.cat\/es\/blog\/2026\/04\/22\/kit-placas-solares-energia-limpia-al-alcance-de-todos\/\" class=\"more-link\">Leer m\u00e1s<span class='more-link-arrow avia-svg-icon avia-font-svg_entypo-fontello' data-av_svg_icon='right-open-big' data-av_iconset='svg_entypo-fontello'><svg version=\"1.1\" xmlns=\"http:\/\/www.w3.org\/2000\/svg\" width=\"15\" height=\"32\" viewBox=\"0 0 15 32\" preserveAspectRatio=\"xMidYMid meet\" role=\"graphics-symbol\" aria-hidden=\"true\">\n<path d=\"M0.416 27.84l11.456-11.84-11.456-11.904q-0.832-0.832 0-1.536 0.832-0.832 1.536 0l12.544 12.608q0.768 0.832 0 1.6l-12.544 12.608q-0.704 0.832-1.536 0-0.832-0.704 0-1.536z\"><\/path>\n<\/svg><\/span><\/a><\/div><\/div><\/div><footer class=\"entry-footer\"><div class=\"slide-meta\"><time class='slide-meta-time updated'  itemprop=\"datePublished\" datetime=\"2026-04-22T06:19:52+00:00\" >22 de abril de 2026<\/time><\/div><\/footer><span class='hidden'>\n\t\t\t\t<span class='av-structured-data'  itemprop=\"image\" itemscope=\"itemscope\" itemtype=\"https:\/\/schema.org\/ImageObject\" >\n\t\t\t\t\t\t<span itemprop='url'>https:\/\/boquet.cat\/wp-content\/uploads\/2024\/03\/logo_nou.png<\/span>\n\t\t\t\t\t\t<span itemprop='height'>0<\/span>\n\t\t\t\t\t\t<span itemprop='width'>0<\/span>\n\t\t\t\t<\/span>\n\t\t\t\t<span class='av-structured-data'  itemprop=\"publisher\" itemtype=\"https:\/\/schema.org\/Organization\" itemscope=\"itemscope\" >\n\t\t\t\t\t\t<span itemprop='name'>sergi<\/span>\n\t\t\t\t\t\t<span itemprop='logo' itemscope itemtype='https:\/\/schema.org\/ImageObject'>\n\t\t\t\t\t\t\t<span itemprop='url'>https:\/\/boquet.cat\/wp-content\/uploads\/2024\/03\/logo_nou.png<\/span>\n\t\t\t\t\t\t<\/span>\n\t\t\t\t<\/span><span class='av-structured-data'  itemprop=\"author\" itemscope=\"itemscope\" itemtype=\"https:\/\/schema.org\/Person\" ><span itemprop='name'>sergi<\/span><\/span><span class='av-structured-data'  itemprop=\"datePublished\" datetime=\"2026-08-26T09:15:58+00:00\" >2026-04-22 06:19:52<\/span><span class='av-structured-data'  itemprop=\"dateModified\" itemtype=\"https:\/\/schema.org\/dateModified\" >2025-09-16 09:34:22<\/span><span class='av-structured-data'  itemprop=\"mainEntityOfPage\" itemtype=\"https:\/\/schema.org\/mainEntityOfPage\" ><span itemprop='name'>Kit placas solares: energ\u00eda limpia al alcance de todos<\/span><\/span><\/span><\/article><\/div><div class=\"slide-entry-wrap\"><article class='slide-entry flex_column  post-entry post-entry-6010 slide-entry-overview slide-loop-7 slide-parity-odd  av_one_half first fake-thumbnail posttype-post post-format-standard'  itemscope=\"itemscope\" itemtype=\"https:\/\/schema.org\/BlogPosting\" itemprop=\"blogPost\" ><a href='https:\/\/boquet.cat\/es\/blog\/2026\/04\/22\/bateria-para-placa-solar-la-clave-para-aprovechar-al-maximo-la-energia-fotovoltaica\/' data-rel='slide-1' class='slide-image' title='Bateria para placa solar: la clave para aprovechar al m\u00e1ximo la energ\u00eda fotovoltaica'><span class='fallback-post-type-icon avia-svg-icon avia-font-svg_entypo-fontello' data-av_svg_icon='pencil' data-av_iconset='svg_entypo-fontello'><svg version=\"1.1\" xmlns=\"http:\/\/www.w3.org\/2000\/svg\" width=\"25\" height=\"32\" viewBox=\"0 0 25 32\" preserveAspectRatio=\"xMidYMid meet\" role=\"graphics-symbol\" aria-hidden=\"true\">\n<path d=\"M22.976 5.44q1.024 1.024 1.504 2.048t0.48 1.536v0.512l-8.064 8.064-9.28 9.216-7.616 1.664 1.6-7.68 9.28-9.216 8.064-8.064q1.728-0.384 4.032 1.92zM7.168 25.92l0.768-0.768q-0.064-1.408-1.664-3.008-0.704-0.704-1.44-1.12t-1.12-0.416l-0.448-0.064-0.704 0.768-0.576 2.56q0.896 0.512 1.472 1.088 0.768 0.768 1.152 1.536z\"><\/path>\n<\/svg><\/span><span class='slider-fallback-image'><img decoding=\"async\" fetchpriority=\"high\" width=\"845\" height=\"321\" src=\"https:\/\/boquet.cat\/wp-content\/uploads\/2025\/11\/Miniaturas-19-845x321.jpg\" class=\"wp-image-6197 avia-img-lazy-loading-not-6197 attachment-entry_with_sidebar size-entry_with_sidebar wp-post-image\" alt=\"La garriga EP\" \/><\/span><\/a><div class=\"slide-content\"><header class=\"entry-content-header\" aria-label=\"Slide: Bateria para placa solar: la clave para aprovechar al m\u00e1ximo la energ\u00eda fotovoltaica\"><h3 class='slide-entry-title entry-title '  itemprop=\"headline\" ><a href='https:\/\/boquet.cat\/es\/blog\/2026\/04\/22\/bateria-para-placa-solar-la-clave-para-aprovechar-al-maximo-la-energia-fotovoltaica\/' title='Bateria para placa solar: la clave para aprovechar al m\u00e1ximo la energ\u00eda fotovoltaica'>Bateria para placa solar: la clave para aprovechar al m\u00e1ximo la energ\u00eda fotovoltaica<\/a><\/h3><span class=\"blog-categories minor-meta\"><a href=\"https:\/\/boquet.cat\/es\/blog\/category\/noticias\/\" rel=\"tag\">Noticias<\/a> <\/span><span class=\"av-vertical-delimiter\"><\/span><\/header><div class='slide-entry-excerpt entry-content'  itemprop=\"text\" >La bateria para placa solar es el elemento esencial que permite almacenar la energ\u00eda que generan las placas solares y utilizarla cuando realmente la necesitas. Durante las horas de sol, los paneles producen electricidad, pero no siempre se\u2026<div class=\"read-more-link\"><a href=\"https:\/\/boquet.cat\/es\/blog\/2026\/04\/22\/bateria-para-placa-solar-la-clave-para-aprovechar-al-maximo-la-energia-fotovoltaica\/\" class=\"more-link\">Leer m\u00e1s<span class='more-link-arrow avia-svg-icon avia-font-svg_entypo-fontello' data-av_svg_icon='right-open-big' data-av_iconset='svg_entypo-fontello'><svg version=\"1.1\" xmlns=\"http:\/\/www.w3.org\/2000\/svg\" width=\"15\" height=\"32\" viewBox=\"0 0 15 32\" preserveAspectRatio=\"xMidYMid meet\" role=\"graphics-symbol\" aria-hidden=\"true\">\n<path d=\"M0.416 27.84l11.456-11.84-11.456-11.904q-0.832-0.832 0-1.536 0.832-0.832 1.536 0l12.544 12.608q0.768 0.832 0 1.6l-12.544 12.608q-0.704 0.832-1.536 0-0.832-0.704 0-1.536z\"><\/path>\n<\/svg><\/span><\/a><\/div><\/div><\/div><footer class=\"entry-footer\"><div class=\"slide-meta\"><time class='slide-meta-time updated'  itemprop=\"datePublished\" datetime=\"2026-04-22T06:19:52+00:00\" >22 de abril de 2026<\/time><\/div><\/footer><span class='hidden'>\n\t\t\t\t<span class='av-structured-data'  itemprop=\"image\" itemscope=\"itemscope\" itemtype=\"https:\/\/schema.org\/ImageObject\" >\n\t\t\t\t\t\t<span itemprop='url'>https:\/\/boquet.cat\/wp-content\/uploads\/2024\/03\/logo_nou.png<\/span>\n\t\t\t\t\t\t<span itemprop='height'>0<\/span>\n\t\t\t\t\t\t<span itemprop='width'>0<\/span>\n\t\t\t\t<\/span>\n\t\t\t\t<span class='av-structured-data'  itemprop=\"publisher\" itemtype=\"https:\/\/schema.org\/Organization\" itemscope=\"itemscope\" >\n\t\t\t\t\t\t<span itemprop='name'>sergi<\/span>\n\t\t\t\t\t\t<span itemprop='logo' itemscope itemtype='https:\/\/schema.org\/ImageObject'>\n\t\t\t\t\t\t\t<span itemprop='url'>https:\/\/boquet.cat\/wp-content\/uploads\/2024\/03\/logo_nou.png<\/span>\n\t\t\t\t\t\t<\/span>\n\t\t\t\t<\/span><span class='av-structured-data'  itemprop=\"author\" itemscope=\"itemscope\" itemtype=\"https:\/\/schema.org\/Person\" ><span itemprop='name'>sergi<\/span><\/span><span class='av-structured-data'  itemprop=\"datePublished\" datetime=\"2026-08-26T09:15:58+00:00\" >2026-04-22 06:19:52<\/span><span class='av-structured-data'  itemprop=\"dateModified\" itemtype=\"https:\/\/schema.org\/dateModified\" >2025-09-16 09:38:30<\/span><span class='av-structured-data'  itemprop=\"mainEntityOfPage\" itemtype=\"https:\/\/schema.org\/mainEntityOfPage\" ><span itemprop='name'>Bateria para placa solar: la clave para aprovechar al m\u00e1ximo la energ\u00eda fotovoltaica<\/span><\/span><\/span><\/article><article class='slide-entry flex_column  post-entry post-entry-6313 slide-entry-overview slide-loop-8 slide-parity-even  av_one_half  fake-thumbnail posttype-post post-format-standard'  itemscope=\"itemscope\" itemtype=\"https:\/\/schema.org\/BlogPosting\" itemprop=\"blogPost\" ><a href='https:\/\/boquet.cat\/es\/blog\/2026\/03\/23\/cuanta-exposicion-al-amianto-es-peligrosa\/' data-rel='slide-1' class='slide-image' title='\u00bfCu\u00e1nta exposici\u00f3n al amianto es peligrosa?'><span class='fallback-post-type-icon avia-svg-icon avia-font-svg_entypo-fontello' data-av_svg_icon='pencil' data-av_iconset='svg_entypo-fontello'><svg version=\"1.1\" xmlns=\"http:\/\/www.w3.org\/2000\/svg\" width=\"25\" height=\"32\" viewBox=\"0 0 25 32\" preserveAspectRatio=\"xMidYMid meet\" role=\"graphics-symbol\" aria-hidden=\"true\">\n<path d=\"M22.976 5.44q1.024 1.024 1.504 2.048t0.48 1.536v0.512l-8.064 8.064-9.28 9.216-7.616 1.664 1.6-7.68 9.28-9.216 8.064-8.064q1.728-0.384 4.032 1.92zM7.168 25.92l0.768-0.768q-0.064-1.408-1.664-3.008-0.704-0.704-1.44-1.12t-1.12-0.416l-0.448-0.064-0.704 0.768-0.576 2.56q0.896 0.512 1.472 1.088 0.768 0.768 1.152 1.536z\"><\/path>\n<\/svg><\/span><span class='slider-fallback-image'><img decoding=\"async\" fetchpriority=\"high\" width=\"845\" height=\"321\" src=\"https:\/\/boquet.cat\/wp-content\/uploads\/2025\/11\/Miniaturas-19-845x321.jpg\" class=\"wp-image-6197 avia-img-lazy-loading-not-6197 attachment-entry_with_sidebar size-entry_with_sidebar wp-post-image\" alt=\"La garriga EP\" \/><\/span><\/a><div class=\"slide-content\"><header class=\"entry-content-header\" aria-label=\"Slide: \u00bfCu\u00e1nta exposici\u00f3n al amianto es peligrosa?\"><h3 class='slide-entry-title entry-title '  itemprop=\"headline\" ><a href='https:\/\/boquet.cat\/es\/blog\/2026\/03\/23\/cuanta-exposicion-al-amianto-es-peligrosa\/' title='\u00bfCu\u00e1nta exposici\u00f3n al amianto es peligrosa?'>\u00bfCu\u00e1nta exposici\u00f3n al amianto es peligrosa?<\/a><\/h3><span class=\"blog-categories minor-meta\"><a href=\"https:\/\/boquet.cat\/es\/blog\/category\/noticias\/\" rel=\"tag\">Noticias<\/a> <\/span><span class=\"av-vertical-delimiter\"><\/span><\/header><div class='slide-entry-excerpt entry-content'  itemprop=\"text\" >El amianto, tambi\u00e9n conocido como asbesto, ha sido ampliamente utilizado en la construcci\u00f3n durante d\u00e9cadas. Sin embargo, hoy se sabe que es un material altamente peligroso para la salud. Una de las preguntas m\u00e1s frecuentes es: \u00bfcu\u00e1nta\u2026<div class=\"read-more-link\"><a href=\"https:\/\/boquet.cat\/es\/blog\/2026\/03\/23\/cuanta-exposicion-al-amianto-es-peligrosa\/\" class=\"more-link\">Leer m\u00e1s<span class='more-link-arrow avia-svg-icon avia-font-svg_entypo-fontello' data-av_svg_icon='right-open-big' data-av_iconset='svg_entypo-fontello'><svg version=\"1.1\" xmlns=\"http:\/\/www.w3.org\/2000\/svg\" width=\"15\" height=\"32\" viewBox=\"0 0 15 32\" preserveAspectRatio=\"xMidYMid meet\" role=\"graphics-symbol\" aria-hidden=\"true\">\n<path d=\"M0.416 27.84l11.456-11.84-11.456-11.904q-0.832-0.832 0-1.536 0.832-0.832 1.536 0l12.544 12.608q0.768 0.832 0 1.6l-12.544 12.608q-0.704 0.832-1.536 0-0.832-0.704 0-1.536z\"><\/path>\n<\/svg><\/span><\/a><\/div><\/div><\/div><footer class=\"entry-footer\"><div class=\"slide-meta\"><time class='slide-meta-time updated'  itemprop=\"datePublished\" datetime=\"2026-03-23T09:46:00+00:00\" >23 de marzo de 2026<\/time><div class=\"slide-meta-del\">\/<\/div><div class=\"slide-meta-comments\"><a href='https:\/\/boquet.cat\/es\/blog\/2026\/03\/23\/cuanta-exposicion-al-amianto-es-peligrosa\/#respond'>0 Comentarios<\/a><\/div><\/div><\/footer><span class='hidden'>\n\t\t\t\t<span class='av-structured-data'  itemprop=\"image\" itemscope=\"itemscope\" itemtype=\"https:\/\/schema.org\/ImageObject\" >\n\t\t\t\t\t\t<span itemprop='url'>https:\/\/boquet.cat\/wp-content\/uploads\/2024\/03\/logo_nou.png<\/span>\n\t\t\t\t\t\t<span itemprop='height'>0<\/span>\n\t\t\t\t\t\t<span itemprop='width'>0<\/span>\n\t\t\t\t<\/span>\n\t\t\t\t<span class='av-structured-data'  itemprop=\"publisher\" itemtype=\"https:\/\/schema.org\/Organization\" itemscope=\"itemscope\" >\n\t\t\t\t\t\t<span itemprop='name'>sergi<\/span>\n\t\t\t\t\t\t<span itemprop='logo' itemscope itemtype='https:\/\/schema.org\/ImageObject'>\n\t\t\t\t\t\t\t<span itemprop='url'>https:\/\/boquet.cat\/wp-content\/uploads\/2024\/03\/logo_nou.png<\/span>\n\t\t\t\t\t\t<\/span>\n\t\t\t\t<\/span><span class='av-structured-data'  itemprop=\"author\" itemscope=\"itemscope\" itemtype=\"https:\/\/schema.org\/Person\" ><span itemprop='name'>sergi<\/span><\/span><span class='av-structured-data'  itemprop=\"datePublished\" datetime=\"2026-08-26T09:15:58+00:00\" >2026-03-23 09:46:00<\/span><span class='av-structured-data'  itemprop=\"dateModified\" itemtype=\"https:\/\/schema.org\/dateModified\" >2026-08-27 08:31:24<\/span><span class='av-structured-data'  itemprop=\"mainEntityOfPage\" itemtype=\"https:\/\/schema.org\/mainEntityOfPage\" ><span itemprop='name'>\u00bfCu\u00e1nta exposici\u00f3n al amianto es peligrosa?<\/span><\/span><\/span><\/article><\/div><div class=\"slide-entry-wrap\"><article class='slide-entry flex_column  post-entry post-entry-6303 slide-entry-overview slide-loop-9 slide-parity-odd  av_one_half first fake-thumbnail posttype-post post-format-standard'  itemscope=\"itemscope\" itemtype=\"https:\/\/schema.org\/BlogPosting\" itemprop=\"blogPost\" ><a href='https:\/\/boquet.cat\/es\/blog\/2026\/03\/03\/electricitat-boquet-y-el-plan-moves-iii-liderando-la-movilidad-sostenible-en-cataluna\/' data-rel='slide-1' class='slide-image' title='Electricitat Boquet y el Plan MOVES III: Liderando la movilidad sostenible en Catalu\u00f1a'><span class='fallback-post-type-icon avia-svg-icon avia-font-svg_entypo-fontello' data-av_svg_icon='pencil' data-av_iconset='svg_entypo-fontello'><svg version=\"1.1\" xmlns=\"http:\/\/www.w3.org\/2000\/svg\" width=\"25\" height=\"32\" viewBox=\"0 0 25 32\" preserveAspectRatio=\"xMidYMid meet\" role=\"graphics-symbol\" aria-hidden=\"true\">\n<path d=\"M22.976 5.44q1.024 1.024 1.504 2.048t0.48 1.536v0.512l-8.064 8.064-9.28 9.216-7.616 1.664 1.6-7.68 9.28-9.216 8.064-8.064q1.728-0.384 4.032 1.92zM7.168 25.92l0.768-0.768q-0.064-1.408-1.664-3.008-0.704-0.704-1.44-1.12t-1.12-0.416l-0.448-0.064-0.704 0.768-0.576 2.56q0.896 0.512 1.472 1.088 0.768 0.768 1.152 1.536z\"><\/path>\n<\/svg><\/span><span class='slider-fallback-image'><img decoding=\"async\" fetchpriority=\"high\" width=\"845\" height=\"321\" src=\"https:\/\/boquet.cat\/wp-content\/uploads\/2025\/11\/Miniaturas-19-845x321.jpg\" class=\"wp-image-6197 avia-img-lazy-loading-not-6197 attachment-entry_with_sidebar size-entry_with_sidebar wp-post-image\" alt=\"La garriga EP\" \/><\/span><\/a><div class=\"slide-content\"><header class=\"entry-content-header\" aria-label=\"Slide: Electricitat Boquet y el Plan MOVES III: Liderando la movilidad sostenible en Catalu\u00f1a\"><h3 class='slide-entry-title entry-title '  itemprop=\"headline\" ><a href='https:\/\/boquet.cat\/es\/blog\/2026\/03\/03\/electricitat-boquet-y-el-plan-moves-iii-liderando-la-movilidad-sostenible-en-cataluna\/' title='Electricitat Boquet y el Plan MOVES III: Liderando la movilidad sostenible en Catalu\u00f1a'>Electricitat Boquet y el Plan MOVES III: Liderando la movilidad sostenible en Catalu\u00f1a<\/a><\/h3><span class=\"blog-categories minor-meta\"><a href=\"https:\/\/boquet.cat\/es\/blog\/category\/noticias\/\" rel=\"tag\">Noticias<\/a> <\/span><span class=\"av-vertical-delimiter\"><\/span><\/header><div class='slide-entry-excerpt entry-content'  itemprop=\"text\" >En Electricitat Boquet, nuestra trayectoria nos ha ense\u00f1ado que la innovaci\u00f3n solo es realmente valiosa cuando resulta accesible para todos. Por eso, apostamos por el programa MOVES III, una oportunidad para que particulares, empresas y administraciones\u2026<div class=\"read-more-link\"><a href=\"https:\/\/boquet.cat\/es\/blog\/2026\/03\/03\/electricitat-boquet-y-el-plan-moves-iii-liderando-la-movilidad-sostenible-en-cataluna\/\" class=\"more-link\">Leer m\u00e1s<span class='more-link-arrow avia-svg-icon avia-font-svg_entypo-fontello' data-av_svg_icon='right-open-big' data-av_iconset='svg_entypo-fontello'><svg version=\"1.1\" xmlns=\"http:\/\/www.w3.org\/2000\/svg\" width=\"15\" height=\"32\" viewBox=\"0 0 15 32\" preserveAspectRatio=\"xMidYMid meet\" role=\"graphics-symbol\" aria-hidden=\"true\">\n<path d=\"M0.416 27.84l11.456-11.84-11.456-11.904q-0.832-0.832 0-1.536 0.832-0.832 1.536 0l12.544 12.608q0.768 0.832 0 1.6l-12.544 12.608q-0.704 0.832-1.536 0-0.832-0.704 0-1.536z\"><\/path>\n<\/svg><\/span><\/a><\/div><\/div><\/div><footer class=\"entry-footer\"><div class=\"slide-meta\"><time class='slide-meta-time updated'  itemprop=\"datePublished\" datetime=\"2026-03-03T10:13:04+00:00\" >3 de marzo de 2026<\/time><div class=\"slide-meta-del\">\/<\/div><div class=\"slide-meta-comments\"><a href='https:\/\/boquet.cat\/es\/blog\/2026\/03\/03\/electricitat-boquet-y-el-plan-moves-iii-liderando-la-movilidad-sostenible-en-cataluna\/#respond'>0 Comentarios<\/a><\/div><\/div><\/footer><span class='hidden'>\n\t\t\t\t<span class='av-structured-data'  itemprop=\"image\" itemscope=\"itemscope\" itemtype=\"https:\/\/schema.org\/ImageObject\" >\n\t\t\t\t\t\t<span itemprop='url'>https:\/\/boquet.cat\/wp-content\/uploads\/2024\/03\/logo_nou.png<\/span>\n\t\t\t\t\t\t<span itemprop='height'>0<\/span>\n\t\t\t\t\t\t<span itemprop='width'>0<\/span>\n\t\t\t\t<\/span>\n\t\t\t\t<span class='av-structured-data'  itemprop=\"publisher\" itemtype=\"https:\/\/schema.org\/Organization\" itemscope=\"itemscope\" >\n\t\t\t\t\t\t<span itemprop='name'>sergi<\/span>\n\t\t\t\t\t\t<span itemprop='logo' itemscope itemtype='https:\/\/schema.org\/ImageObject'>\n\t\t\t\t\t\t\t<span itemprop='url'>https:\/\/boquet.cat\/wp-content\/uploads\/2024\/03\/logo_nou.png<\/span>\n\t\t\t\t\t\t<\/span>\n\t\t\t\t<\/span><span class='av-structured-data'  itemprop=\"author\" itemscope=\"itemscope\" itemtype=\"https:\/\/schema.org\/Person\" ><span itemprop='name'>sergi<\/span><\/span><span class='av-structured-data'  itemprop=\"datePublished\" datetime=\"2026-08-26T09:15:58+00:00\" >2026-03-03 10:13:04<\/span><span class='av-structured-data'  itemprop=\"dateModified\" itemtype=\"https:\/\/schema.org\/dateModified\" >2026-08-27 08:28:33<\/span><span class='av-structured-data'  itemprop=\"mainEntityOfPage\" itemtype=\"https:\/\/schema.org\/mainEntityOfPage\" ><span itemprop='name'>Electricitat Boquet y el Plan MOVES III: Liderando la movilidad sostenible en Catalu\u00f1a<\/span><\/span><\/span><\/article><article class='slide-entry flex_column  post-entry post-entry-6163 slide-entry-overview slide-loop-10 slide-parity-even  post-entry-last  av_one_half  real-thumbnail posttype-post post-format-standard'  itemscope=\"itemscope\" itemtype=\"https:\/\/schema.org\/BlogPosting\" itemprop=\"blogPost\" ><a href='https:\/\/boquet.cat\/es\/blog\/2025\/09\/18\/una-nova-llum-per-a-la-garriga-mes-eficiencia-seguretat-i-sostenibilitat\/' data-rel='slide-1' class='slide-image' title='Una nueva luz para La Garriga: m\u00e1s eficiencia, seguridad y sostenibilidad'><img decoding=\"async\" fetchpriority=\"high\" width=\"845\" height=\"321\" src=\"https:\/\/boquet.cat\/wp-content\/uploads\/2025\/11\/Miniaturas-19-845x321.jpg\" class=\"wp-image-6197 avia-img-lazy-loading-not-6197 attachment-entry_with_sidebar size-entry_with_sidebar wp-post-image\" alt=\"La garriga EP\" \/><\/a><div class=\"slide-content\"><header class=\"entry-content-header\" aria-label=\"Slide: Una nueva luz para La Garriga: m\u00e1s eficiencia, seguridad y sostenibilidad\"><h3 class='slide-entry-title entry-title '  itemprop=\"headline\" ><a href='https:\/\/boquet.cat\/es\/blog\/2025\/09\/18\/una-nova-llum-per-a-la-garriga-mes-eficiencia-seguretat-i-sostenibilitat\/' title='Una nueva luz para La Garriga: m\u00e1s eficiencia, seguridad y sostenibilidad'>Una nueva luz para La Garriga: m\u00e1s eficiencia, seguridad y sostenibilidad<\/a><\/h3><span class=\"blog-categories minor-meta\"><a href=\"https:\/\/boquet.cat\/es\/blog\/category\/noticias\/\" rel=\"tag\">Noticias<\/a>, <a href=\"https:\/\/boquet.cat\/es\/blog\/category\/proyectos-es\/\" rel=\"tag\">Proyectos<\/a> <\/span><span class=\"av-vertical-delimiter\"><\/span><\/header><div class='slide-entry-excerpt entry-content'  itemprop=\"text\" >En La Garriga ja es pot gaudir d\u2019un enllumenat p\u00fablic renovat i molt m\u00e9s eficient. Des d\u2019Electricitat Boquet estem molt contents d\u2019haver dut a terme aquest projecte que suposa una millora tant per al municipi com per al medi ambient.\r\n\r\nUn\u2026<div class=\"read-more-link\"><a href=\"https:\/\/boquet.cat\/es\/blog\/2025\/09\/18\/una-nova-llum-per-a-la-garriga-mes-eficiencia-seguretat-i-sostenibilitat\/\" class=\"more-link\">Leer m\u00e1s<span class='more-link-arrow avia-svg-icon avia-font-svg_entypo-fontello' data-av_svg_icon='right-open-big' data-av_iconset='svg_entypo-fontello'><svg version=\"1.1\" xmlns=\"http:\/\/www.w3.org\/2000\/svg\" width=\"15\" height=\"32\" viewBox=\"0 0 15 32\" preserveAspectRatio=\"xMidYMid meet\" role=\"graphics-symbol\" aria-hidden=\"true\">\n<path d=\"M0.416 27.84l11.456-11.84-11.456-11.904q-0.832-0.832 0-1.536 0.832-0.832 1.536 0l12.544 12.608q0.768 0.832 0 1.6l-12.544 12.608q-0.704 0.832-1.536 0-0.832-0.704 0-1.536z\"><\/path>\n<\/svg><\/span><\/a><\/div><\/div><\/div><footer class=\"entry-footer\"><div class=\"slide-meta\"><time class='slide-meta-time updated'  itemprop=\"datePublished\" datetime=\"2025-09-18T10:21:31+00:00\" >18 de septiembre de 2025<\/time><\/div><\/footer><span class='hidden'>\n\t\t\t\t<span class='av-structured-data'  itemprop=\"image\" itemscope=\"itemscope\" itemtype=\"https:\/\/schema.org\/ImageObject\" >\n\t\t\t\t\t\t<span itemprop='url'>https:\/\/boquet.cat\/wp-content\/uploads\/2025\/11\/Miniaturas-19.jpg<\/span>\n\t\t\t\t\t\t<span itemprop='height'>720<\/span>\n\t\t\t\t\t\t<span itemprop='width'>1280<\/span>\n\t\t\t\t<\/span>\n\t\t\t\t<span class='av-structured-data'  itemprop=\"publisher\" itemtype=\"https:\/\/schema.org\/Organization\" itemscope=\"itemscope\" >\n\t\t\t\t\t\t<span itemprop='name'>sergi<\/span>\n\t\t\t\t\t\t<span itemprop='logo' itemscope itemtype='https:\/\/schema.org\/ImageObject'>\n\t\t\t\t\t\t\t<span itemprop='url'>https:\/\/boquet.cat\/wp-content\/uploads\/2024\/03\/logo_nou.png<\/span>\n\t\t\t\t\t\t<\/span>\n\t\t\t\t<\/span><span class='av-structured-data'  itemprop=\"author\" itemscope=\"itemscope\" itemtype=\"https:\/\/schema.org\/Person\" ><span itemprop='name'>sergi<\/span><\/span><span class='av-structured-data'  itemprop=\"datePublished\" datetime=\"2026-08-26T09:15:58+00:00\" >2025-09-18 10:21:31<\/span><span class='av-structured-data'  itemprop=\"dateModified\" itemtype=\"https:\/\/schema.org\/dateModified\" >2025-11-07 07:31:05<\/span><span class='av-structured-data'  itemprop=\"mainEntityOfPage\" itemtype=\"https:\/\/schema.org\/mainEntityOfPage\" ><span itemprop='name'>Una nueva luz para La Garriga: m\u00e1s eficiencia, seguridad y sostenibilidad<\/span><\/span><\/span><\/article><\/div><\/div><div class='pagination-wrap pagination-slider'><nav class='pagination'><span class='pagination-meta'>P\u00e1gina 1 de 11<\/span><span class='current'>1<\/span><a href='https:\/\/boquet.cat\/es\/wp-json\/wp\/v2\/pages\/2062\/?avia-element-paging=2' class='inactive next_page' >2<\/a><a href='https:\/\/boquet.cat\/es\/wp-json\/wp\/v2\/pages\/2062\/?avia-element-paging=3' class='inactive' >3<\/a><a href='https:\/\/boquet.cat\/es\/wp-json\/wp\/v2\/pages\/2062\/?avia-element-paging=2'>&rsaquo;<\/a><a href='https:\/\/boquet.cat\/es\/wp-json\/wp\/v2\/pages\/2062\/?avia-element-paging=11'>&raquo;<\/a><\/nav>\n<\/div><\/div><\/p><\/div>\n","protected":false},"excerpt":{"rendered":"","protected":false},"author":1,"featured_media":0,"parent":0,"menu_order":0,"comment_status":"closed","ping_status":"closed","template":"","meta":{"footnotes":""},"class_list":["post-2062","page","type-page","status-publish","hentry"],"yoast_head":"<!-- This site is optimized with the Yoast SEO plugin v28.3 - https:\/\/yoast.com\/product\/yoast-seo-wordpress\/ -->\n<title>Blog - Boquet<\/title>\n<meta name=\"description\" content=\"Descubre nuestro Blog de noticias y recomendaciones, de \u00e1mbitos como placas solares, uralita, bater\u00edas solares...y m\u00e1s\" \/>\n<meta name=\"robots\" content=\"index, follow, max-snippet:-1, max-image-preview:large, max-video-preview:-1\" \/>\n<link rel=\"canonical\" href=\"https:\/\/boquet.cat\/es\/blog\/\" \/>\n<meta property=\"og:locale\" content=\"es_ES\" \/>\n<meta property=\"og:type\" content=\"article\" \/>\n<meta property=\"og:title\" content=\"Blog - Boquet\" \/>\n<meta property=\"og:description\" content=\"Descubre nuestro Blog de noticias y recomendaciones, de \u00e1mbitos como placas solares, uralita, bater\u00edas solares...y m\u00e1s\" \/>\n<meta property=\"og:url\" content=\"https:\/\/boquet.cat\/es\/blog\/\" \/>\n<meta property=\"og:site_name\" content=\"Boquet\" \/>\n<meta property=\"article:modified_time\" content=\"2025-09-17T11:42:56+00:00\" \/>\n<meta name=\"twitter:card\" content=\"summary_large_image\" \/>\n<meta name=\"twitter:label1\" content=\"Tiempo de lectura\" \/>\n\t<meta name=\"twitter:data1\" content=\"6 minutos\" \/>\n<script type=\"application\/ld+json\" class=\"yoast-schema-graph\">{\"@context\":\"https:\\\/\\\/schema.org\",\"@graph\":[{\"@type\":\"WebPage\",\"@id\":\"https:\\\/\\\/boquet.cat\\\/es\\\/blog\\\/\",\"url\":\"https:\\\/\\\/boquet.cat\\\/es\\\/blog\\\/\",\"name\":\"Blog - Boquet\",\"isPartOf\":{\"@id\":\"https:\\\/\\\/boquet.cat\\\/#website\"},\"datePublished\":\"2023-12-12T10:07:18+00:00\",\"dateModified\":\"2025-09-17T11:42:56+00:00\",\"description\":\"Descubre nuestro Blog de noticias y recomendaciones, de \u00e1mbitos como placas solares, uralita, bater\u00edas solares...y m\u00e1s\",\"breadcrumb\":{\"@id\":\"https:\\\/\\\/boquet.cat\\\/es\\\/blog\\\/#breadcrumb\"},\"inLanguage\":\"es\",\"potentialAction\":[{\"@type\":\"ReadAction\",\"target\":[\"https:\\\/\\\/boquet.cat\\\/es\\\/blog\\\/\"]}]},{\"@type\":\"BreadcrumbList\",\"@id\":\"https:\\\/\\\/boquet.cat\\\/es\\\/blog\\\/#breadcrumb\",\"itemListElement\":[{\"@type\":\"ListItem\",\"position\":1,\"name\":\"Inici\",\"item\":\"https:\\\/\\\/boquet.cat\\\/es\\\/inicio\\\/\"},{\"@type\":\"ListItem\",\"position\":2,\"name\":\"Blog\"}]},{\"@type\":\"WebSite\",\"@id\":\"https:\\\/\\\/boquet.cat\\\/#website\",\"url\":\"https:\\\/\\\/boquet.cat\\\/\",\"name\":\"Boquet\",\"description\":\"\",\"potentialAction\":[{\"@type\":\"SearchAction\",\"target\":{\"@type\":\"EntryPoint\",\"urlTemplate\":\"https:\\\/\\\/boquet.cat\\\/?s={search_term_string}\"},\"query-input\":{\"@type\":\"PropertyValueSpecification\",\"valueRequired\":true,\"valueName\":\"search_term_string\"}}],\"inLanguage\":\"es\"}]}<\/script>\n<!-- \/ Yoast SEO plugin. -->","yoast_head_json":{"title":"Blog - Boquet","description":"Descubre nuestro Blog de noticias y recomendaciones, de \u00e1mbitos como placas solares, uralita, bater\u00edas solares...y m\u00e1s","robots":{"index":"index","follow":"follow","max-snippet":"max-snippet:-1","max-image-preview":"max-image-preview:large","max-video-preview":"max-video-preview:-1"},"canonical":"https:\/\/boquet.cat\/es\/blog\/","og_locale":"es_ES","og_type":"article","og_title":"Blog - Boquet","og_description":"Descubre nuestro Blog de noticias y recomendaciones, de \u00e1mbitos como placas solares, uralita, bater\u00edas solares...y m\u00e1s","og_url":"https:\/\/boquet.cat\/es\/blog\/","og_site_name":"Boquet","article_modified_time":"2025-09-17T11:42:56+00:00","twitter_card":"summary_large_image","twitter_misc":{"Tiempo de lectura":"6 minutos"},"schema":{"@context":"https:\/\/schema.org","@graph":[{"@type":"WebPage","@id":"https:\/\/boquet.cat\/es\/blog\/","url":"https:\/\/boquet.cat\/es\/blog\/","name":"Blog - Boquet","isPartOf":{"@id":"https:\/\/boquet.cat\/#website"},"datePublished":"2023-12-12T10:07:18+00:00","dateModified":"2025-09-17T11:42:56+00:00","description":"Descubre nuestro Blog de noticias y recomendaciones, de \u00e1mbitos como placas solares, uralita, bater\u00edas solares...y m\u00e1s","breadcrumb":{"@id":"https:\/\/boquet.cat\/es\/blog\/#breadcrumb"},"inLanguage":"es","potentialAction":[{"@type":"ReadAction","target":["https:\/\/boquet.cat\/es\/blog\/"]}]},{"@type":"BreadcrumbList","@id":"https:\/\/boquet.cat\/es\/blog\/#breadcrumb","itemListElement":[{"@type":"ListItem","position":1,"name":"Inici","item":"https:\/\/boquet.cat\/es\/inicio\/"},{"@type":"ListItem","position":2,"name":"Blog"}]},{"@type":"WebSite","@id":"https:\/\/boquet.cat\/#website","url":"https:\/\/boquet.cat\/","name":"Boquet","description":"","potentialAction":[{"@type":"SearchAction","target":{"@type":"EntryPoint","urlTemplate":"https:\/\/boquet.cat\/?s={search_term_string}"},"query-input":{"@type":"PropertyValueSpecification","valueRequired":true,"valueName":"search_term_string"}}],"inLanguage":"es"}]}},"_links":{"self":[{"href":"https:\/\/boquet.cat\/es\/wp-json\/wp\/v2\/pages\/2062","targetHints":{"allow":["GET"]}}],"collection":[{"href":"https:\/\/boquet.cat\/es\/wp-json\/wp\/v2\/pages"}],"about":[{"href":"https:\/\/boquet.cat\/es\/wp-json\/wp\/v2\/types\/page"}],"author":[{"embeddable":true,"href":"https:\/\/boquet.cat\/es\/wp-json\/wp\/v2\/users\/1"}],"replies":[{"embeddable":true,"href":"https:\/\/boquet.cat\/es\/wp-json\/wp\/v2\/comments?post=2062"}],"version-history":[{"count":0,"href":"https:\/\/boquet.cat\/es\/wp-json\/wp\/v2\/pages\/2062\/revisions"}],"wp:attachment":[{"href":"https:\/\/boquet.cat\/es\/wp-json\/wp\/v2\/media?parent=2062"}],"curies":[{"name":"wp","href":"https:\/\/api.w.org\/{rel}","templated":true}]}}